{"id":67,"date":"2019-07-13T10:39:49","date_gmt":"2019-07-13T07:39:49","guid":{"rendered":"http:\/\/www.makyaj.me\/?page_id=67"},"modified":"2019-07-13T10:39:49","modified_gmt":"2019-07-13T07:39:49","slug":"gelin-makyaji-bilgehan","status":"publish","type":"page","link":"http:\/\/www.makyaj.me\/index.php\/gelin-makyaji-bilgehan\/","title":{"rendered":"Gelin Makyaj\u0131 Bilgehan"},"content":{"rendered":"\n<p>Evet \u015fimdi s\u0131ra Bilgehan\u0131n gelin makyaj\u0131 hikayesinde<br>\nKendisiyle yakla\u015f\u0131k d\u00fc\u011f\u00fcnden 1 ay \u00f6nce tan\u0131\u015ft\u0131k , hatta o g\u00fcn ile ilgili prova makyaj\u0131 bile yapt\u0131k.<br>\nKendisi 1 g\u00fcn kulland\u0131 , kal\u0131c\u0131l\u0131\u011f\u0131n\u0131 test etti , arkada\u015flar\u0131na dan\u0131\u015ft\u0131 \nve belki de ba\u015fka maky\u00f6zlerle de g\u00f6r\u00fc\u015ft\u00fc ama nasip birlikte \n\u00e7al\u0131\u015fmam\u0131zdan yanaym\u0131\u015f ?<br>\nKendisi iki g\u00fcn i\u00e7in Gelin makyaj\u0131 paketimizi se\u00e7ti. Ve d\u00fc\u011f\u00fcn Nev\u015fehir \nKapadokya da oldu\u011fu i\u00e7in benim de Nev\u015fehir e gelmemi talep etti. Bunun \n\u00fczerine heyecanl\u0131 bir \u015fekilde d\u00fc\u011f\u00fcn tarihinin gelmesini bekledim .<br>\nYaln\u0131z tam d\u00fc\u011f\u00fcne 1 hafta kala babam kalp krizi ge\u00e7irdi , acilen kalp \nameliyat ine al\u0131nd\u0131. Durum kar\u0131\u015f\u0131k oldu\u011fu i\u00e7in bir an haber verip \nvermemek aras\u0131nda kald\u0131m. Daha sonra babam\u0131n durumu d\u00fczeldi ve Cumartesi\n sabaha u\u00e7akla 1 saat i\u00e7erisinde Kapadokya ya u\u00e7tum.<br>\nGelin makyaj\u0131m\u0131z\u0131 prova yapt\u0131\u011f\u0131m\u0131z i\u00e7in ne yapaca\u011f\u0131m\u0131z\u0131 da gayet iyi \nbiliyorduk. \u00d6ncelikle olarak gelinba\u015f\u0131 n\u0131n \u00f6n haz\u0131rl\u0131klar\u0131 yap\u0131ld\u0131 ve \nsonras\u0131nda makyaj\u0131m\u0131za ba\u015flad\u0131k.<\/p>\n\n\n\n<p>Ayr\u0131ca Gelin makyajlar\u0131nda Kulland\u0131\u011f\u0131m Makyaj Malzemeleri:<\/p>\n\n\n\n<ol class=\"wp-block-list\"><li>Kryolan<\/li><li>Mac<\/li><li>Nars<\/li><li>Benefit<\/li><li>The balm<\/li><\/ol>\n\n\n\n<p>Kullan\u0131lan makyaj malzemeleri ;<\/p>\n\n\n\n<ul class=\"wp-block-list\"><li>Y\u00fcz baz\u0131 : Benefit<\/li><li>Fond\u00f6ten : Mac Full coverage foundation Nw20<\/li><li>Pudra : Mac Transparan pudra<\/li><li>G\u00f6z baz\u0131 : painterly<\/li><li>G\u00f6z makyaj\u0131nda Mac baz rengi bak\u0131r , g\u00f6lge k\u0131z\u0131l kahve<\/li><li>Takma kirpik : Mac 36<\/li><li>G\u00f6z alt\u0131 : Mac Nw15<\/li><li>All\u0131k : Mac Springsheen blush<\/li><li>Ruj : Mac Kinda<\/li><li>Sabitle\u015ftirici : Kryolan<\/li><\/ul>\n\n\n\n<p>Bu arada sizde gelin makyaj\u0131n\u0131z\u0131 bak\u0131r tonlar\u0131nda d\u00fc\u015f\u00fcn\u00fcyorsan\u0131z ; g\u00f6z makyaj\u0131n\u0131zda kullanabilece\u011finiz mac far tonlar\u0131 ;<\/p>\n\n\n\n<p>Mac Satin Taupe<br>\nMac Mulch kahverengi<br>\nMac Cranberry ye\u015fil<br>\nMac Sable bak\u0131r<br>\nMac Coppering<br>\nMac Twinks<\/p>\n\n\n\n<p>\u015eimdi o g\u00fcnden kareler var.<\/p>\n\n\n\n<p>Mutluluklar T\u00fcm Evlenenlere ?<\/p>\n\n\n\n<p>Beni daha yak\u0131ndan takip etmek i\u00e7in ;<\/p>\n\n\n\n<ul class=\"wp-block-list\"><li>web site : http:\/\/nurgulkolukirik.com\/<\/li><li>my blog : http:\/\/profesyonelmakyaj.blogspot.com\/<\/li><li>facebook: https:\/\/www.facebook.com\/NURGULKOLUKIRIKMAKYOZ<\/li><li>instagram : http:\/\/instagram.com\/makyajmakeuppro<\/li><\/ul>\n\n\n\n<p><br>\n<strong>Profesyonel Maky\u00f6z ve Makyaj E\u011fitmeni<\/strong><br>\n<strong>Nurg\u00fcl Koluk\u0131r\u0131k<\/strong><\/p>\n","protected":false},"excerpt":{"rendered":"<p>Evet \u015fimdi s\u0131ra Bilgehan\u0131n gelin makyaj\u0131 hikayesinde Kendisiyle yakla\u015f\u0131k d\u00fc\u011f\u00fcnden 1 ay \u00f6nce tan\u0131\u015ft\u0131k , hatta o g\u00fcn ile ilgili prova makyaj\u0131 bile yapt\u0131k. Kendisi 1 g\u00fcn kulland\u0131 , kal\u0131c\u0131l\u0131\u011f\u0131n\u0131 test etti , arkada\u015flar\u0131na dan\u0131\u015ft\u0131 ve belki de ba\u015fka maky\u00f6zlerle de g\u00f6r\u00fc\u015ft\u00fc ama nasip birlikte \u00e7al\u0131\u015fmam\u0131zdan yanaym\u0131\u015f ? Kendisi iki g\u00fcn i\u00e7in Gelin makyaj\u0131 paketimizi &hellip;<\/p>\n","protected":false},"author":1,"featured_media":0,"parent":0,"menu_order":0,"comment_status":"closed","ping_status":"closed","template":"","meta":{"footnotes":""},"tags":[],"class_list":["post-67","page","type-page","status-publish",""],"aioseo_notices":[],"_links":{"self":[{"href":"http:\/\/www.makyaj.me\/index.php\/wp-json\/wp\/v2\/pages\/67","targetHints":{"allow":["GET"]}}],"collection":[{"href":"http:\/\/www.makyaj.me\/index.php\/wp-json\/wp\/v2\/pages"}],"about":[{"href":"http:\/\/www.makyaj.me\/index.php\/wp-json\/wp\/v2\/types\/page"}],"author":[{"embeddable":true,"href":"http:\/\/www.makyaj.me\/index.php\/wp-json\/wp\/v2\/users\/1"}],"replies":[{"embeddable":true,"href":"http:\/\/www.makyaj.me\/index.php\/wp-json\/wp\/v2\/comments?post=67"}],"version-history":[{"count":2,"href":"http:\/\/www.makyaj.me\/index.php\/wp-json\/wp\/v2\/pages\/67\/revisions"}],"predecessor-version":[{"id":70,"href":"http:\/\/www.makyaj.me\/index.php\/wp-json\/wp\/v2\/pages\/67\/revisions\/70"}],"wp:attachment":[{"href":"http:\/\/www.makyaj.me\/index.php\/wp-json\/wp\/v2\/media?parent=67"}],"wp:term":[{"taxonomy":"post_tag","embeddable":true,"href":"http:\/\/www.makyaj.me\/index.php\/wp-json\/wp\/v2\/tags?post=67"}],"curies":[{"name":"wp","href":"https:\/\/api.w.org\/{rel}","templated":true}]}}